{"id":538,"date":"2016-04-20T13:40:54","date_gmt":"2016-04-20T13:40:54","guid":{"rendered":"http:\/\/commissietoezichtarrestantenzorg.wordpress.suares.com\/es\/klachten\/"},"modified":"2016-08-30T12:33:35","modified_gmt":"2016-08-30T12:33:35","slug":"klachten","status":"publish","type":"page","link":"https:\/\/toezichtarrestantenzorg.cw\/es\/klachten\/","title":{"rendered":"Quejas"},"content":{"rendered":"<p>[et_pb_section admin_label=&#8221;section&#8221; background_color=&#8221;#fadfc2&#8243; inner_shadow=&#8221;off&#8221; parallax=&#8221;off&#8221; module_class=&#8221;row1-commissie&#8221; transparent_background=&#8221;off&#8221; allow_player_pause=&#8221;off&#8221; parallax_method=&#8221;off&#8221; padding_mobile=&#8221;off&#8221; make_fullwidth=&#8221;off&#8221; use_custom_width=&#8221;off&#8221; width_unit=&#8221;on&#8221; make_equal=&#8221;off&#8221; use_custom_gutter=&#8221;off&#8221;][et_pb_row admin_label=&#8221;Row&#8221;][et_pb_column type=&#8221;4_4&#8243;][et_pb_text admin_label=&#8221;Taalkeuze-mobiel&#8221; background_layout=&#8221;light&#8221; text_orientation=&#8221;left&#8221; module_id=&#8221;naw-mobile&#8221; disabled=&#8221;off&#8221; disabled_on=&#8221;||on&#8221; use_border_color=&#8221;off&#8221; border_color=&#8221;#ffffff&#8221; border_style=&#8221;solid&#8221;]<\/p>\n<div style=\"text-align: center!important;\"><a id=\"nld\" href=\"\/klachten\">NLD<\/a><a id=\"pap\" href=\"\/pa\/klachten\">PAP<\/a><a id=\"esp\" href=\"\/es\/klachten\">ESP<\/a><a id=\"eng\" href=\"\/en\/klachten\">ENG<\/a><\/div>\n<p>[\/et_pb_text][\/et_pb_column][\/et_pb_row][et_pb_row admin_label=&#8221;row&#8221;][et_pb_column type=&#8221;2_3&#8243;][et_pb_text admin_label=&#8221;Basistekst&#8221; background_layout=&#8221;light&#8221; text_orientation=&#8221;left&#8221; module_id=&#8221;es&#8221; use_border_color=&#8221;off&#8221; border_color=&#8221;#ffffff&#8221; border_style=&#8221;solid&#8221;]<\/p>\n<h1>\u00bfTiene una queja?<\/h1>\n<p>En caso de tener una queja sobre su encarcelaci\u00f3n por la polic\u00eda o durante su estad\u00eda en el centro de detenci\u00f3n para j\u00f3venes (JJIC) o alojamiento para adictos (Brasami), tome contacto con la comisi\u00f3n para presentar su queja.<\/p>\n<p>A continuaci\u00f3n encontrara un enlace con el procedimiento de reclamaci\u00f3n y se puede rellenar el formulario de quejas.<\/p>\n<ul>\n<li><a href=\"\/wp-content\/uploads\/sites\/16\/2016\/08\/Klachtenprocedure-CTA-CW_2607161.pdf\" target=\"_blank\">Klachtenprocedure<\/a><\/li>\n<\/ul>\n<p>&nbsp;<\/p>\n<p>[\/et_pb_text][et_pb_text admin_label=&#8221;Klachtenformulier&#8221; background_layout=&#8221;light&#8221; text_orientation=&#8221;left&#8221; module_id=&#8221;es2&#8243; use_border_color=&#8221;off&#8221; border_color=&#8221;#ffffff&#8221; border_style=&#8221;solid&#8221;]<\/p>\n<h2>Formulario de quejas<\/h2>\n<p>\n<div class=\"wpcf7 no-js\" id=\"wpcf7-f403-o1\" lang=\"nl-NL\" dir=\"ltr\" data-wpcf7-id=\"403\">\n<div class=\"screen-reader-response\"><p role=\"status\" aria-live=\"polite\" aria-atomic=\"true\"><\/p> <ul><\/ul><\/div>\n<form action=\"\/es\/wp-json\/wp\/v2\/pages\/538#wpcf7-f403-o1\" method=\"post\" class=\"wpcf7-form init\" aria-label=\"Contactformulier\" enctype=\"multipart\/form-data\" novalidate=\"novalidate\" data-status=\"init\">\n<fieldset class=\"hidden-fields-container\"><input type=\"hidden\" name=\"_wpcf7\" value=\"403\" \/><input type=\"hidden\" name=\"_wpcf7_version\" value=\"6.1.5\" \/><input type=\"hidden\" name=\"_wpcf7_locale\" value=\"nl_NL\" \/><input type=\"hidden\" name=\"_wpcf7_unit_tag\" value=\"wpcf7-f403-o1\" \/><input type=\"hidden\" name=\"_wpcf7_container_post\" value=\"0\" \/><input type=\"hidden\" name=\"_wpcf7_posted_data_hash\" value=\"\" \/><input type=\"hidden\" name=\"_wpcf7_recaptcha_response\" value=\"\" \/>\n<\/fieldset>\n<p>Nombre\n<\/p>\n<p><span class=\"wpcf7-form-control-wrap\" data-name=\"naam-klager\"><input size=\"40\" maxlength=\"400\" class=\"wpcf7-form-control wpcf7-text wpcf7-validates-as-required\" aria-required=\"true\" aria-invalid=\"false\" value=\"\" type=\"text\" name=\"naam-klager\" \/><\/span>\n<\/p>\n<p>Fecha de nacimiento\n<\/p>\n<p><span class=\"wpcf7-form-control-wrap\" data-name=\"geboortedatum\"><input class=\"wpcf7-form-control wpcf7-date wpcf7-validates-as-required wpcf7-validates-as-date\" min=\"1900-01-01\" max=\"2026-04-27\" aria-required=\"true\" aria-invalid=\"false\" value=\"YYYY-MM-DD\" type=\"date\" name=\"geboortedatum\" \/><\/span>\n<\/p>\n<p>Direcci\u00f3n permanente\n<\/p>\n<p><span class=\"wpcf7-form-control-wrap\" data-name=\"permanent-adres\"><input size=\"40\" maxlength=\"400\" class=\"wpcf7-form-control wpcf7-text wpcf7-validates-as-required\" aria-required=\"true\" aria-invalid=\"false\" value=\"\" type=\"text\" name=\"permanent-adres\" \/><\/span>\n<\/p>\n<p>Lugar de detenci\u00f3n\n<\/p>\n<p><span class=\"wpcf7-form-control-wrap\" data-name=\"verblijvend-in\"><span class=\"wpcf7-form-control wpcf7-radio\"><span class=\"wpcf7-list-item first\"><label><input type=\"radio\" name=\"verblijvend-in\" value=\"Selda de Policia\" checked=\"checked\" \/><span class=\"wpcf7-list-item-label\">Selda de Policia<\/span><\/label><\/span><span class=\"wpcf7-list-item\"><label><input type=\"radio\" name=\"verblijvend-in\" value=\"Brasami\" \/><span class=\"wpcf7-list-item-label\">Brasami<\/span><\/label><\/span><span class=\"wpcf7-list-item last\"><label><input type=\"radio\" name=\"verblijvend-in\" value=\"JJIC\" \/><span class=\"wpcf7-list-item-label\">JJIC<\/span><\/label><\/span><\/span><\/span>\n<\/p>\n<p>Persona \/ cuerpo contra la que se interponga la queja\n<\/p>\n<p><span class=\"wpcf7-form-control-wrap\" data-name=\"klacht-tegen\"><input size=\"40\" maxlength=\"400\" class=\"wpcf7-form-control wpcf7-text wpcf7-validates-as-required\" aria-required=\"true\" aria-invalid=\"false\" value=\"\" type=\"text\" name=\"klacht-tegen\" \/><\/span>\n<\/p>\n<p>Funci\u00f3n de la persona\n<\/p>\n<p><span class=\"wpcf7-form-control-wrap\" data-name=\"klacht-tegen-functie\"><input size=\"40\" maxlength=\"400\" class=\"wpcf7-form-control wpcf7-text\" aria-invalid=\"false\" value=\"\" type=\"text\" name=\"klacht-tegen-functie\" \/><\/span>\n<\/p>\n<p>Sujeto de la queja\n<\/p>\n<p><span class=\"wpcf7-form-control-wrap\" data-name=\"onderwerp-klacht\"><input size=\"40\" maxlength=\"400\" class=\"wpcf7-form-control wpcf7-text wpcf7-validates-as-required\" aria-required=\"true\" aria-invalid=\"false\" value=\"\" type=\"text\" name=\"onderwerp-klacht\" \/><\/span>\n<\/p>\n<p>Descripci\u00f3n de la denuncia (si es necesario, agregar documentos adicionales)\n<\/p>\n<p><span class=\"wpcf7-form-control-wrap\" data-name=\"omschrijving-klacht\"><textarea cols=\"40\" rows=\"10\" maxlength=\"2000\" class=\"wpcf7-form-control wpcf7-textarea wpcf7-validates-as-required\" aria-required=\"true\" aria-invalid=\"false\" placeholder=\"descripci\u00f3n\" name=\"omschrijving-klacht\"><\/textarea><\/span>\n<\/p>\n<p>Posibles pruebas\n<\/p>\n<p><span class=\"wpcf7-form-control-wrap\" data-name=\"file1\"><input size=\"40\" class=\"wpcf7-form-control wpcf7-file\" accept=\".pdf,.txt,.gif,.png,.jpg,.jpeg\" aria-invalid=\"false\" type=\"file\" name=\"file1\" \/><\/span>\n<\/p>\n<p><span class=\"wpcf7-form-control-wrap\" data-name=\"file2\"><input size=\"40\" class=\"wpcf7-form-control wpcf7-file\" accept=\".pdf,.txt,.gif,.png,.jpg,.jpeg\" aria-invalid=\"false\" type=\"file\" name=\"file2\" \/><\/span>\n<\/p>\n<p><span class=\"wpcf7-form-control-wrap\" data-name=\"file3\"><input size=\"40\" class=\"wpcf7-form-control wpcf7-file\" accept=\".pdf,.txt,.gif,.png,.jpg,.jpeg\" aria-invalid=\"false\" type=\"file\" name=\"file3\" \/><\/span>\n<\/p>\n<p><span class=\"wpcf7-form-control-wrap\" data-name=\"file4\"><input size=\"40\" class=\"wpcf7-form-control wpcf7-file\" accept=\".pdf,.txt,.gif,.png,.jpg,.jpeg\" aria-invalid=\"false\" type=\"file\" name=\"file4\" \/><\/span>\n<\/p>\n<p><span class=\"wpcf7-form-control-wrap\" data-name=\"file5\"><input size=\"40\" class=\"wpcf7-form-control wpcf7-file\" accept=\".pdf,.txt,.gif,.png,.jpg,.jpeg\" aria-invalid=\"false\" type=\"file\" name=\"file5\" \/><\/span>\n<\/p>\n<p>Fecha de la queja\n<\/p>\n<p><span class=\"wpcf7-form-control-wrap\" data-name=\"datum\"><input class=\"wpcf7-form-control wpcf7-date wpcf7-validates-as-required wpcf7-validates-as-date\" min=\"2013-01-01\" max=\"2026-04-27\" aria-required=\"true\" aria-invalid=\"false\" value=\"YYYY-MM-DD\" type=\"date\" name=\"datum\" \/><\/span>\n<\/p>\n<p>Datos del demandante\n<\/p>\n<p>Email:<br \/>\n<span class=\"wpcf7-form-control-wrap\" data-name=\"email\"><input size=\"40\" maxlength=\"400\" class=\"wpcf7-form-control wpcf7-email wpcf7-validates-as-required wpcf7-text wpcf7-validates-as-email\" aria-required=\"true\" aria-invalid=\"false\" value=\"\" type=\"email\" name=\"email\" \/><\/span>\n<\/p>\n<p>Tel:<br \/>\n<span class=\"wpcf7-form-control-wrap\" data-name=\"telefoon\"><input size=\"40\" maxlength=\"400\" class=\"wpcf7-form-control wpcf7-tel wpcf7-validates-as-required wpcf7-text wpcf7-validates-as-tel\" aria-required=\"true\" aria-invalid=\"false\" value=\"\" type=\"tel\" name=\"telefoon\" \/><\/span>\n<\/p>\n<hr id=\"lijn\" noshade \/>\n<p>Para el beneficio de la presentaci\u00f3n de esta reclamaci\u00f3n, el demandante recibi\u00f3 la asistencia de:\n<\/p>\n<p>Nombre de la persona\n<\/p>\n<p><span class=\"wpcf7-form-control-wrap\" data-name=\"persoon-bijstand\"><input size=\"40\" maxlength=\"400\" class=\"wpcf7-form-control wpcf7-text\" aria-invalid=\"false\" value=\"\" type=\"text\" name=\"persoon-bijstand\" \/><\/span>\n<\/p>\n<p>Funci\u00f3n\n<\/p>\n<p><span class=\"wpcf7-form-control-wrap\" data-name=\"persoon-functie\"><input size=\"40\" maxlength=\"400\" class=\"wpcf7-form-control wpcf7-text\" aria-invalid=\"false\" value=\"\" type=\"text\" name=\"persoon-functie\" \/><\/span>\n<\/p>\n<p>Dato personal\n<\/p>\n<p>Email:<br \/>\n<span class=\"wpcf7-form-control-wrap\" data-name=\"persoon-email\"><input size=\"40\" maxlength=\"400\" class=\"wpcf7-form-control wpcf7-email wpcf7-text wpcf7-validates-as-email\" aria-invalid=\"false\" value=\"\" type=\"email\" name=\"persoon-email\" \/><\/span>\n<\/p>\n<p>Tel:<br \/>\n<span class=\"wpcf7-form-control-wrap\" data-name=\"persoon-telefoon\"><input size=\"40\" maxlength=\"400\" class=\"wpcf7-form-control wpcf7-tel wpcf7-text wpcf7-validates-as-tel\" aria-invalid=\"false\" value=\"\" type=\"tel\" name=\"persoon-telefoon\" \/><\/span>\n<\/p>\n<hr id=\"lijn\" noshade \/>\n<p>[anr_nocaptcha g-recaptcha-response]\n<\/p>\n<p><input class=\"wpcf7-form-control wpcf7-submit has-spinner\" type=\"submit\" value=\"Enviar\" \/>\n<\/p><div class=\"wpcf7-response-output\" aria-hidden=\"true\"><\/div>\n<\/form>\n<\/div>\n [\/et_pb_text][et_pb_text admin_label=&#8221;niet aanpassen&#8221; background_layout=&#8221;light&#8221; text_orientation=&#8221;left&#8221; use_border_color=&#8221;off&#8221; border_color=&#8221;#ffffff&#8221; border_style=&#8221;solid&#8221; module_id=&#8221;copyright&#8221; disabled=&#8221;off&#8221; disabled_on=&#8221;on|on|&#8221;]<\/p>\n<p style=\"text-align: justify;\">2016 \u00a9 CTA-CW <img loading=\"lazy\" decoding=\"async\" class=\"alignnone wp-image-98\" src=\"\/wp-content\/uploads\/sites\/16\/2016\/04\/bullet-1.png\" alt=\"bullet\" width=\"9\" height=\"11\" \/> <a href=\"\/es\/sitemap\/\">Sitemap<\/a><\/p>\n<p>[\/et_pb_text][\/et_pb_column][et_pb_column type=&#8221;1_3&#8243;][et_pb_image admin_label=&#8221;logo&#8221; src=&#8221;\/wp-content\/uploads\/sites\/16\/2016\/05\/Logo_Arrestantenzorg.jpg&#8221; url_new_window=&#8221;off&#8221; animation=&#8221;off&#8221; module_id=&#8221;plaatje&#8221; show_in_lightbox=&#8221;off&#8221; use_overlay=&#8221;off&#8221; sticky=&#8221;off&#8221; align=&#8221;left&#8221; force_fullwidth=&#8221;off&#8221; always_center_on_mobile=&#8221;on&#8221; use_border_color=&#8221;off&#8221; border_color=&#8221;#ffffff&#8221; border_style=&#8221;solid&#8221; disabled=&#8221;off&#8221; disabled_on=&#8221;on|on|off&#8221;] [\/et_pb_image][et_pb_text admin_label=&#8221;Taalkeuze-desktop&#8221; background_layout=&#8221;light&#8221; text_orientation=&#8221;left&#8221; module_id=&#8221;naw&#8221; disabled=&#8221;off&#8221; disabled_on=&#8221;on|on|&#8221; use_border_color=&#8221;off&#8221; border_color=&#8221;#ffffff&#8221; border_style=&#8221;solid&#8221;]<\/p>\n<div style=\"text-align: center!important;\"><a id=\"nld\" href=\"\/klachten\">NLD<\/a><a id=\"pap\" href=\"\/pa\/klachten\">PAP<\/a><a id=\"esp\" href=\"\/es\/klachten\">ESP<\/a><a id=\"eng\" href=\"\/en\/klachten\">ENG<\/a><\/div>\n<p>[\/et_pb_text][et_pb_image admin_label=&#8221;image&#8221; src=&#8221;\/wp-content\/uploads\/sites\/16\/2016\/04\/tralies-2.png&#8221; url_new_window=&#8221;off&#8221; animation=&#8221;off&#8221; module_id=&#8221;plaatje&#8221; show_in_lightbox=&#8221;off&#8221; use_overlay=&#8221;off&#8221; sticky=&#8221;off&#8221; align=&#8221;left&#8221; force_fullwidth=&#8221;off&#8221; always_center_on_mobile=&#8221;on&#8221; use_border_color=&#8221;off&#8221; border_color=&#8221;#ffffff&#8221; border_style=&#8221;solid&#8221; disabled=&#8221;off&#8221; disabled_on=&#8221;||off&#8221;] [\/et_pb_image][et_pb_cta admin_label=&#8221;download&#8221; button_url=&#8221;\/regelgeving&#8221; button_text=&#8221;M\u00e1s informaci\u00f3n&#8221; background_color=&#8221;#7387a9&#8243; use_background_color=&#8221;on&#8221; background_layout=&#8221;dark&#8221; text_orientation=&#8221;center&#8221; module_id=&#8221;flyer&#8221; url_new_window=&#8221;off&#8221; use_border_color=&#8221;off&#8221; border_color=&#8221;#ffffff&#8221; border_style=&#8221;solid&#8221; custom_button=&#8221;off&#8221; button_letter_spacing=&#8221;0&#8243; button_use_icon=&#8221;default&#8221; button_icon_placement=&#8221;right&#8221; button_on_hover=&#8221;on&#8221; button_letter_spacing_hover=&#8221;0&#8243;]<\/p>\n<p style=\"text-align: center;\"><a href=\"\/wp-content\/uploads\/sites\/16\/2016\/07\/2249_MinJus_Arrestantenzorg_Folder_A4.pdf\" target=\"_blank\"><img loading=\"lazy\" decoding=\"async\" class=\"wp-image-308 aligncenter\" src=\"\/wp-content\/uploads\/sites\/16\/2016\/07\/Brochure-CTA-CW-7jul16.jpg\" alt=\"Brochure CTA-CW 7jul16\" width=\"94\" height=\"134\" \/><\/a> <a href=\"\/wp-content\/uploads\/sites\/16\/2016\/07\/2249_MinJus_Arrestantenzorg_Folder_A4.pdf\" target=\"_blank\">Download folleto<\/a><\/p>\n<p>[\/et_pb_cta][et_pb_text admin_label=&#8221;niet aanpassen&#8221; background_layout=&#8221;light&#8221; text_orientation=&#8221;left&#8221; use_border_color=&#8221;off&#8221; border_color=&#8221;#ffffff&#8221; border_style=&#8221;solid&#8221; module_id=&#8221;copyright&#8221; disabled=&#8221;off&#8221; disabled_on=&#8221;||on&#8221;]<\/p>\n<p style=\"text-align: justify;\">2016 \u00a9 CTA-CW <img loading=\"lazy\" decoding=\"async\" class=\"alignnone wp-image-98\" src=\"\/wp-content\/uploads\/sites\/16\/2016\/04\/bullet-1.png\" alt=\"bullet\" width=\"9\" height=\"11\" \/> <a href=\"\/es\/sitemap\/\">Sitemap<\/a><\/p>\n<p>[\/et_pb_text][\/et_pb_column][\/et_pb_row][\/et_pb_section]<\/p>\n","protected":false},"excerpt":{"rendered":"<p>NLDPAPESPENG \u00bfTiene una queja? En caso de tener una queja sobre su encarcelaci\u00f3n por la polic\u00eda o durante su estad\u00eda en el centro de detenci\u00f3n para j\u00f3venes (JJIC) o alojamiento para adictos (Brasami), tome contacto con la comisi\u00f3n para presentar su queja. A continuaci\u00f3n encontrara un enlace con el procedimiento de reclamaci\u00f3n y se puede [&hellip;]<\/p>\n","protected":false},"author":6,"featured_media":0,"parent":0,"menu_order":400,"comment_status":"closed","ping_status":"closed","template":"","meta":{"_et_pb_use_builder":"on","_et_pb_old_content":"","_et_gb_content_width":"","footnotes":""},"class_list":["post-538","page","type-page","status-publish","hentry"],"_links":{"self":[{"href":"https:\/\/toezichtarrestantenzorg.cw\/es\/wp-json\/wp\/v2\/pages\/538","targetHints":{"allow":["GET"]}}],"collection":[{"href":"https:\/\/toezichtarrestantenzorg.cw\/es\/wp-json\/wp\/v2\/pages"}],"about":[{"href":"https:\/\/toezichtarrestantenzorg.cw\/es\/wp-json\/wp\/v2\/types\/page"}],"author":[{"embeddable":true,"href":"https:\/\/toezichtarrestantenzorg.cw\/es\/wp-json\/wp\/v2\/users\/6"}],"replies":[{"embeddable":true,"href":"https:\/\/toezichtarrestantenzorg.cw\/es\/wp-json\/wp\/v2\/comments?post=538"}],"version-history":[{"count":0,"href":"https:\/\/toezichtarrestantenzorg.cw\/es\/wp-json\/wp\/v2\/pages\/538\/revisions"}],"wp:attachment":[{"href":"https:\/\/toezichtarrestantenzorg.cw\/es\/wp-json\/wp\/v2\/media?parent=538"}],"curies":[{"name":"wp","href":"https:\/\/api.w.org\/{rel}","templated":true}]}}